{"id":279,"date":"2025-06-03T17:12:57","date_gmt":"2025-06-03T15:12:57","guid":{"rendered":"https:\/\/harmoniewerk.eu\/?page_id=279"},"modified":"2025-11-04T12:17:58","modified_gmt":"2025-11-04T11:17:58","slug":"faq","status":"publish","type":"page","link":"https:\/\/harmoniewerk.eu\/?page_id=279","title":{"rendered":"FAQ"},"content":{"rendered":"\n<div style=\"height:33px\" aria-hidden=\"true\" class=\"wp-block-spacer\"><\/div>\n\n\n\n<div class=\"wp-block-cover alignwide has-kenta-accent-color has-text-color\"><span aria-hidden=\"true\" class=\"wp-block-cover__background has-kenta-base-background-color has-background-dim-80 has-background-dim\"><\/span><div class=\"wp-block-cover__inner-container is-layout-flow wp-block-cover-is-layout-flow\">\n<div class=\"wp-block-group has-link-color wp-elements-ae39a60ac602b3c43567596f78b3cd60 is-layout-flow wp-block-group-is-layout-flow\" style=\"padding-top:2em;padding-right:2em;padding-bottom:2em;padding-left:2em\">\n<p class=\"has-text-align-left has-kenta-accent-color has-text-color has-xxx-large-font-size\">Najcz\u0119\u015bciej zadawane pytania (FAQ)<\/p>\n\n\n\n<div style=\"height:15px\" aria-hidden=\"true\" class=\"wp-block-spacer\"><\/div>\n<\/div>\n\n\n\n<div class=\"wp-block-group alignwide has-global-padding is-layout-constrained wp-block-group-is-layout-constrained\">\n<details class=\"wp-block-details alignwide has-kenta-accent-color has-text-color has-link-color has-xx-large-font-size wp-elements-9ea50dab5036f3991bd1fc8d5fa77f74 is-layout-flow wp-container-core-details-is-layout-0a386c5a wp-block-details-is-layout-flow\"><summary>OG\u00d3LNE<\/summary>\n<div class=\"wp-block-group alignwide has-kenta-accent-color has-kenta-base-100-background-color has-text-color has-background has-link-color wp-elements-03fc368053c519506524087e120df071 is-vertical is-content-justification-stretch is-layout-flex wp-container-core-group-is-layout-353c4f5a wp-block-group-is-layout-flex\">\n<details class=\"wp-block-details has-kenta-base-100-background-color has-background is-layout-flow wp-container-core-details-is-layout-45fd2195 wp-block-details-is-layout-flow\" style=\"border-top-color:var(--wp--preset--color--kenta-primary-active);border-top-width:3px;border-right-style:none;border-right-width:0px;border-bottom-style:none;border-bottom-width:0px;border-left-style:none;border-left-width:0px;padding-top:var(--wp--preset--spacing--x-small);padding-right:var(--wp--preset--spacing--small);padding-bottom:var(--wp--preset--spacing--x-small);padding-left:var(--wp--preset--spacing--small)\"><summary><strong>Jak wygl\u0105da zabieg \u015bwiecowania uszu i jakie ma efekty?<\/strong><\/summary>\n<p class=\"has-kenta-accent-active-color has-text-color has-link-color wp-elements-415b7343a2d07ef80985a258e5ca7544\">To delikatne oczyszczanie ucha przy u\u017cyciu specjalnej \u015bwiecy, kt\u00f3re mo\u017ce dawa\u0107 uczucie lekko\u015bci i odpr\u0119\u017cenia.<\/p>\n<\/details>\n\n\n\n<details class=\"wp-block-details has-kenta-base-100-background-color has-background is-layout-flow wp-container-core-details-is-layout-45fd2195 wp-block-details-is-layout-flow\" style=\"border-top-color:var(--wp--preset--color--kenta-primary-active);border-top-width:3px;border-right-style:none;border-right-width:0px;border-bottom-style:none;border-bottom-width:0px;border-left-style:none;border-left-width:0px;padding-top:var(--wp--preset--spacing--x-small);padding-right:var(--wp--preset--spacing--small);padding-bottom:var(--wp--preset--spacing--x-small);padding-left:var(--wp--preset--spacing--small)\"><summary><strong>Na czym polega refleksologia i czym r\u00f3\u017cni si\u0119 od masa\u017cu?<\/strong><\/summary>\n<p class=\"has-kenta-accent-active-color has-text-color has-link-color wp-elements-d11fb58af4ce03bbdb99e6e826328261\">Refleksologia to uciskanie punkt\u00f3w na stopach, d\u0142oniach lub uszach odpowiadaj\u0105cych narz\u0105dom wewn\u0119trznym \u2013 r\u00f3\u017cni si\u0119 od masa\u017cu, kt\u00f3ry dzia\u0142a g\u0142\u00f3wnie na mi\u0119\u015bnie.<\/p>\n<\/details>\n\n\n\n<details class=\"wp-block-details has-kenta-base-100-background-color has-background is-layout-flow wp-container-core-details-is-layout-45fd2195 wp-block-details-is-layout-flow\" style=\"border-top-color:var(--wp--preset--color--kenta-primary-active);border-top-width:3px;border-right-style:none;border-right-width:0px;border-bottom-style:none;border-bottom-width:0px;border-left-style:none;border-left-width:0px;padding-top:var(--wp--preset--spacing--x-small);padding-right:var(--wp--preset--spacing--small);padding-bottom:var(--wp--preset--spacing--x-small);padding-left:var(--wp--preset--spacing--small)\"><summary><strong>Czy masa\u017c z olejkami eterycznymi jest bezpieczny w ci\u0105\u017cy?<\/strong><\/summary>\n<p class=\"has-kenta-accent-active-color has-text-color has-link-color wp-elements-dc9fd9b0af7a6739f8c0cbfa3cdf0cd2\">Niekt\u00f3re olejki mog\u0105 by\u0107 niewskazane \u2013 zawsze warto skonsultowa\u0107 si\u0119 z terapeut\u0105 i lekarzem.<\/p>\n<\/details>\n\n\n\n<details class=\"wp-block-details has-kenta-base-100-background-color has-background is-layout-flow wp-container-core-details-is-layout-45fd2195 wp-block-details-is-layout-flow\" style=\"border-top-color:var(--wp--preset--color--kenta-primary-active);border-top-width:3px;border-right-style:none;border-right-width:0px;border-bottom-style:none;border-bottom-width:0px;border-left-style:none;border-left-width:0px;padding-top:var(--wp--preset--spacing--x-small);padding-right:var(--wp--preset--spacing--small);padding-bottom:var(--wp--preset--spacing--x-small);padding-left:var(--wp--preset--spacing--small)\"><summary><strong>Ile trwa przeci\u0119tny zabieg i co si\u0119 w jego trakcie dzieje?<\/strong><\/summary>\n<p class=\"has-kenta-accent-active-color has-text-color has-link-color wp-elements-c74e2599aea66eb7acd94ca8aeacfa72\">Zwykle od 30 do 90 minut \u2013 w zale\u017cno\u015bci od metody odbywa si\u0119 masa\u017c, uciskanie punkt\u00f3w lub relaks przy d\u017awi\u0119kach czy zapachach.<\/p>\n<\/details>\n\n\n\n<details class=\"wp-block-details has-kenta-base-100-background-color has-background is-layout-flow wp-container-core-details-is-layout-45fd2195 wp-block-details-is-layout-flow\" style=\"border-top-color:var(--wp--preset--color--kenta-primary-active);border-top-width:3px;border-right-style:none;border-right-width:0px;border-bottom-style:none;border-bottom-width:0px;border-left-style:none;border-left-width:0px;padding-top:var(--wp--preset--spacing--x-small);padding-right:var(--wp--preset--spacing--small);padding-bottom:var(--wp--preset--spacing--x-small);padding-left:var(--wp--preset--spacing--small)\"><summary><strong>Czy takie terapie mog\u0105 zast\u0105pi\u0107 tradycyjne leczenie?<\/strong><\/summary>\n<p class=\"has-kenta-accent-active-color has-text-color has-link-color wp-elements-a136a413e6c7319240d3de4f70aae42f\">Nie \u2013 s\u0105 wsparciem dla zdrowia i samopoczucia, ale nie zast\u0119puj\u0105 leczenia medycznego.<\/p>\n<\/details>\n\n\n\n<details class=\"wp-block-details has-kenta-base-100-background-color has-background is-layout-flow wp-container-core-details-is-layout-45fd2195 wp-block-details-is-layout-flow\" style=\"border-top-color:var(--wp--preset--color--kenta-primary-active);border-top-width:3px;border-right-style:none;border-right-width:0px;border-bottom-style:none;border-bottom-width:0px;border-left-style:none;border-left-width:0px;padding-top:var(--wp--preset--spacing--x-small);padding-right:var(--wp--preset--spacing--small);padding-bottom:var(--wp--preset--spacing--x-small);padding-left:var(--wp--preset--spacing--small)\"><summary><strong>Jak cz\u0119sto warto korzysta\u0107 z masa\u017cu lub akupresury, aby zauwa\u017cy\u0107 efekty?<\/strong><\/summary>\n<p class=\"has-kenta-accent-active-color has-text-color has-link-color wp-elements-99ac718a81c5645fb9a22398b139e5d9\">Efekty relaksu czu\u0107 od razu, a dla trwa\u0142ych rezultat\u00f3w poleca si\u0119 regularne sesje (np. raz w tygodniu).<\/p>\n<\/details>\n<\/div>\n<\/details>\n<\/div>\n\n\n\n<details class=\"wp-block-details has-kenta-accent-color has-text-color has-link-color has-xx-large-font-size wp-elements-10e2dd24a23d1da016b6e9ca0f99096e is-layout-flow wp-container-core-details-is-layout-0a386c5a wp-block-details-is-layout-flow\"><summary>HEALY<\/summary>\n<div class=\"wp-block-group alignwide has-kenta-accent-color has-kenta-base-100-background-color has-text-color has-background has-link-color wp-elements-205c684b32da94b9d37fbd08fea48b92 is-vertical is-content-justification-stretch is-layout-flex wp-container-core-group-is-layout-353c4f5a wp-block-group-is-layout-flex\">\n<details class=\"wp-block-details has-kenta-base-100-background-color has-background is-layout-flow wp-container-core-details-is-layout-45fd2195 wp-block-details-is-layout-flow\" style=\"border-top-color:var(--wp--preset--color--kenta-primary-active);border-top-width:3px;border-right-style:none;border-right-width:0px;border-bottom-style:none;border-bottom-width:0px;border-left-style:none;border-left-width:0px;padding-top:var(--wp--preset--spacing--x-small);padding-right:var(--wp--preset--spacing--small);padding-bottom:var(--wp--preset--spacing--x-small);padding-left:var(--wp--preset--spacing--small)\"><summary><strong><strong>Co to jest Healy?<\/strong><\/strong><\/summary>\n<p class=\"has-kenta-accent-active-color has-text-color has-link-color wp-elements-4e75a6783bd0e023caaa4b49a46550bc\">Healy to ma\u0142e urz\u0105dzenie medyczno-wellness, kt\u00f3re wykorzystuje <strong>mikropr\u0105dy i cz\u0119stotliwo\u015bci rezonansowe<\/strong>, aby wspiera\u0107 zdrowie, energi\u0119, urod\u0119 i samopoczucie. \u0141\u0105czy si\u0119 z aplikacj\u0105 w telefonie, kt\u00f3ra dobiera programy.<\/p>\n<\/details>\n\n\n\n<details class=\"wp-block-details has-kenta-base-100-background-color has-background is-layout-flow wp-container-core-details-is-layout-45fd2195 wp-block-details-is-layout-flow\" style=\"border-top-color:var(--wp--preset--color--kenta-primary-active);border-top-width:3px;border-right-style:none;border-right-width:0px;border-bottom-style:none;border-bottom-width:0px;border-left-style:none;border-left-width:0px;padding-top:var(--wp--preset--spacing--x-small);padding-right:var(--wp--preset--spacing--small);padding-bottom:var(--wp--preset--spacing--x-small);padding-left:var(--wp--preset--spacing--small)\"><summary><strong><strong>Na co dzia\u0142a Healy<\/strong>?<\/strong><\/summary>\n<p class=\"has-kenta-accent-active-color has-text-color has-link-color wp-elements-ec27f19db9fcca0e195db77252360be4\">Wed\u0142ug producenta Healy mo\u017ce wspiera\u0107:<\/p>\n\n\n\n<p class=\"has-kenta-accent-active-color has-text-color has-link-color wp-elements-3016dc19b8a137101a2889e266b66e4c\">energi\u0119 i koncentracj\u0119.<\/p>\n\n\n\n<p>redukcj\u0119 b\u00f3lu,<\/p>\n\n\n\n<p>r\u00f3wnowag\u0119 emocjonaln\u0105 i psychiczn\u0105,<\/p>\n\n\n\n<p>popraw\u0119 jako\u015bci snu i relaks,<\/p>\n\n\n\n<p>regeneracj\u0119 i odporno\u015b\u0107,<\/p>\n\n\n\n<p>urod\u0119 (np. elastyczno\u015b\u0107 sk\u00f3ry, w\u0142osy, paznokcie),<\/p>\n\n\n\n<p>energi\u0119 i koncentracj\u0119.<\/p>\n<\/details>\n\n\n\n<details class=\"wp-block-details has-kenta-base-100-background-color has-background is-layout-flow wp-container-core-details-is-layout-45fd2195 wp-block-details-is-layout-flow\" style=\"border-top-color:var(--wp--preset--color--kenta-primary-active);border-top-width:3px;border-right-style:none;border-right-width:0px;border-bottom-style:none;border-bottom-width:0px;border-left-style:none;border-left-width:0px;padding-top:var(--wp--preset--spacing--x-small);padding-right:var(--wp--preset--spacing--small);padding-bottom:var(--wp--preset--spacing--x-small);padding-left:var(--wp--preset--spacing--small)\"><summary><strong><strong>Czy Healy jest urz\u0105dzeniem medycznym<\/strong>?<\/strong><\/summary>\n<p class=\"has-kenta-accent-active-color has-text-color has-link-color wp-elements-f53db8b45a09d7d5ac215ac4fc565ec5\">Tak \u2013 w UE Healy posiada certyfikat jako urz\u0105dzenie medyczne klasy IIa, <strong>w zakresie \u0142agodzenia b\u00f3lu oraz wspierania leczenia depresji, l\u0119k\u00f3w i zaburze\u0144 snu<\/strong>.<\/p>\n\n\n\n<p class=\"has-kenta-accent-active-color has-text-color has-link-color wp-elements-305fb57cb7cac64e27122363d6142b1e\">Inne zastosowania (uroda, energia, aura itp.) s\u0105 traktowane jako <strong>komplementarne<\/strong> i nie maj\u0105 potwierdzenia w badaniach klinicznych.<\/p>\n<\/details>\n\n\n\n<details class=\"wp-block-details has-kenta-base-100-background-color has-background is-layout-flow wp-container-core-details-is-layout-45fd2195 wp-block-details-is-layout-flow\" style=\"border-top-color:var(--wp--preset--color--kenta-primary-active);border-top-width:3px;border-right-style:none;border-right-width:0px;border-bottom-style:none;border-bottom-width:0px;border-left-style:none;border-left-width:0px;padding-top:var(--wp--preset--spacing--x-small);padding-right:var(--wp--preset--spacing--small);padding-bottom:var(--wp--preset--spacing--x-small);padding-left:var(--wp--preset--spacing--small)\"><summary><strong><strong>Jak korzysta\u0107 z Healy<\/strong>?<\/strong><\/summary>\n<ul class=\"wp-block-list\">\n<li>przez elektrody (plastry, opaski na nadgarstki, klipsy na uszy),<\/li>\n<\/ul>\n\n\n\n<ul class=\"wp-block-list\">\n<li>w trybie rezonansu (bez kabli, dzia\u0142anie w polu informacyjnym),<\/li>\n<\/ul>\n\n\n\n<ul class=\"wp-block-list\">\n<li>wybieraj\u0105c w aplikacji odpowiedni program.<\/li>\n<\/ul>\n<\/details>\n\n\n\n<details class=\"wp-block-details has-kenta-base-100-background-color has-background is-layout-flow wp-container-core-details-is-layout-45fd2195 wp-block-details-is-layout-flow\" style=\"border-top-color:var(--wp--preset--color--kenta-primary-active);border-top-width:3px;border-right-style:none;border-right-width:0px;border-bottom-style:none;border-bottom-width:0px;border-left-style:none;border-left-width:0px;padding-top:var(--wp--preset--spacing--x-small);padding-right:var(--wp--preset--spacing--small);padding-bottom:var(--wp--preset--spacing--x-small);padding-left:var(--wp--preset--spacing--small)\"><summary><strong><strong>Czy Healy jest bezpieczny<\/strong>?<\/strong><\/summary>\n<p class=\"has-kenta-accent-active-color has-text-color has-link-color wp-elements-c5b155d710ed2e3744d1a23127717d7b\">Tak, jest generalnie bezpieczny, ale <strong>nie powinny z niego korzysta\u0107<\/strong> osoby:<\/p>\n\n\n\n<p class=\"has-kenta-accent-active-color has-text-color has-link-color wp-elements-76219334e7fc38d8c3973c4cb7f466e3\">kobiety w ci\u0105\u017cy (bez konsultacji lekarskiej).<\/p>\n\n\n\n<p>z rozrusznikiem serca,<\/p>\n\n\n\n<p>z epilepsj\u0105,<\/p>\n<\/details>\n\n\n\n<details class=\"wp-block-details has-kenta-base-100-background-color has-background is-layout-flow wp-container-core-details-is-layout-45fd2195 wp-block-details-is-layout-flow\" style=\"border-top-color:var(--wp--preset--color--kenta-primary-active);border-top-width:3px;border-right-style:none;border-right-width:0px;border-bottom-style:none;border-bottom-width:0px;border-left-style:none;border-left-width:0px;padding-top:var(--wp--preset--spacing--x-small);padding-right:var(--wp--preset--spacing--small);padding-bottom:var(--wp--preset--spacing--x-small);padding-left:var(--wp--preset--spacing--small)\"><summary><strong>Jak d\u0142ugo trwa sesja z Healy?<\/strong><\/summary>\n<p class=\"has-kenta-accent-active-color has-text-color has-link-color wp-elements-40eefb7c440d8b77e8e84113fbfe21f2\">Zwykle od 20 do 45 minut, w zale\u017cno\u015bci od programu. Mo\u017cna korzysta\u0107 kilka razy dziennie, w zale\u017cno\u015bci od potrzeb.<\/p>\n<\/details>\n\n\n\n<details class=\"wp-block-details has-kenta-base-100-background-color has-background is-layout-flow wp-container-core-details-is-layout-45fd2195 wp-block-details-is-layout-flow\" style=\"border-top-color:var(--wp--preset--color--kenta-primary-active);border-top-width:3px;border-right-style:none;border-right-width:0px;border-bottom-style:none;border-bottom-width:0px;border-left-style:none;border-left-width:0px;padding-top:var(--wp--preset--spacing--x-small);padding-right:var(--wp--preset--spacing--small);padding-bottom:var(--wp--preset--spacing--x-small);padding-left:var(--wp--preset--spacing--small)\"><summary><strong><strong>Czy Healy naprawd\u0119 dzia\u0142a<\/strong>?<\/strong><\/summary>\n<p class=\"has-kenta-accent-active-color has-text-color has-link-color wp-elements-872241d928bb98af98d3455a22204edc\">Healy bazuje na badaniach nad mikropr\u0105dami i terapi\u0105 cz\u0119stotliwo\u015bciow\u0105, kt\u00f3re s\u0105 znane w fizjoterapii. Wiele os\u00f3b potwierdza subiektywnie popraw\u0119 zdrowia i samopoczucia. Jednak skuteczno\u015b\u0107 poza certyfikowanymi wskazaniami (b\u00f3l, depresja, l\u0119ki, zaburzenia snu) nie zosta\u0142a jeszcze jednoznacznie potwierdzona naukowo.<\/p>\n<\/details>\n\n\n\n<details class=\"wp-block-details has-kenta-base-100-background-color has-background is-layout-flow wp-container-core-details-is-layout-45fd2195 wp-block-details-is-layout-flow\" style=\"border-top-color:var(--wp--preset--color--kenta-primary-active);border-top-width:3px;border-right-style:none;border-right-width:0px;border-bottom-style:none;border-bottom-width:0px;border-left-style:none;border-left-width:0px;padding-top:var(--wp--preset--spacing--x-small);padding-right:var(--wp--preset--spacing--small);padding-bottom:var(--wp--preset--spacing--x-small);padding-left:var(--wp--preset--spacing--small)\"><summary><strong><strong>Czy Healy mo\u017ce wspiera\u0107 urod\u0119<\/strong>?<\/strong><\/summary>\n<p class=\"has-kenta-accent-active-color has-text-color has-link-color wp-elements-07e6721983b98b9fd029455dafd210a5\">Tak \u2013 Healy ma specjalne programy <em>Beauty<\/em> (np. sk\u00f3ra, w\u0142osy, paznokcie), kt\u00f3re wspieraj\u0105 regeneracj\u0119 kom\u00f3rkow\u0105 i popraw\u0119 mikrokr\u0105\u017cenia, co mo\u017ce korzystnie wp\u0142ywa\u0107 na wygl\u0105d.<\/p>\n<\/details>\n\n\n\n<p><\/p>\n<\/div>\n<\/details>\n\n\n\n<details class=\"wp-block-details has-kenta-accent-color has-text-color has-link-color has-xx-large-font-size wp-elements-bbdec79751c9ec6f57d4e3e3f5e31b9b wp-container-content-69bc4bdf is-layout-flow wp-container-core-details-is-layout-0a386c5a wp-block-details-is-layout-flow\"><summary>AKUPRESURA<br><\/summary>\n<div class=\"wp-block-group alignwide has-kenta-accent-color has-kenta-base-100-background-color has-text-color has-background has-link-color wp-elements-579a75d6df5a6c8239b24165ae7a70be is-vertical is-content-justification-stretch is-layout-flex wp-container-core-group-is-layout-353c4f5a wp-block-group-is-layout-flex\">\n<details class=\"wp-block-details has-kenta-base-100-background-color has-background is-layout-flow wp-container-core-details-is-layout-45fd2195 wp-block-details-is-layout-flow\" style=\"border-top-color:var(--wp--preset--color--kenta-primary-active);border-top-width:3px;border-right-style:none;border-right-width:0px;border-bottom-style:none;border-bottom-width:0px;border-left-style:none;border-left-width:0px;padding-top:var(--wp--preset--spacing--x-small);padding-right:var(--wp--preset--spacing--small);padding-bottom:var(--wp--preset--spacing--x-small);padding-left:var(--wp--preset--spacing--small)\"><summary><strong>Jakie korzy\u015bci daje akupresura st\u00f3p?<\/strong><\/summary>\n<p class=\"has-kenta-accent-active-color has-text-color has-link-color wp-elements-e7d984e3dbba387c39d26332561da0da\">Pobudza kr\u0105\u017cenie, redukuje napi\u0119cia w ciele, poprawia sen i wspiera og\u00f3ln\u0105 r\u00f3wnowag\u0119 organizmu.<\/p>\n<\/details>\n\n\n\n<details class=\"wp-block-details has-kenta-base-100-background-color has-background is-layout-flow wp-container-core-details-is-layout-45fd2195 wp-block-details-is-layout-flow\" style=\"border-top-color:var(--wp--preset--color--kenta-primary-active);border-top-width:3px;border-right-style:none;border-right-width:0px;border-bottom-style:none;border-bottom-width:0px;border-left-style:none;border-left-width:0px;padding-top:var(--wp--preset--spacing--x-small);padding-right:var(--wp--preset--spacing--small);padding-bottom:var(--wp--preset--spacing--x-small);padding-left:var(--wp--preset--spacing--small)\"><summary><strong>Jak cz\u0119sto warto korzysta\u0107 z masa\u017cu lub akupresury, aby zauwa\u017cy\u0107 efekty?<\/strong><\/summary>\n<p class=\"has-kenta-accent-active-color has-text-color has-link-color wp-elements-99ac718a81c5645fb9a22398b139e5d9\">Efekty relaksu czu\u0107 od razu, a dla trwa\u0142ych rezultat\u00f3w poleca si\u0119 regularne sesje (np. raz w tygodniu).<\/p>\n<\/details>\n\n\n\n<details class=\"wp-block-details has-kenta-base-100-background-color has-background is-layout-flow wp-container-core-details-is-layout-45fd2195 wp-block-details-is-layout-flow\" style=\"border-top-color:var(--wp--preset--color--kenta-primary-active);border-top-width:3px;border-right-style:none;border-right-width:0px;border-bottom-style:none;border-bottom-width:0px;border-left-style:none;border-left-width:0px;padding-top:var(--wp--preset--spacing--x-small);padding-right:var(--wp--preset--spacing--small);padding-bottom:var(--wp--preset--spacing--x-small);padding-left:var(--wp--preset--spacing--small)\"><summary><strong>Czy istniej\u0105 przeciwwskazania do stosowania refleksologii lub akupresury?<\/strong><\/summary>\n<p class=\"has-kenta-accent-active-color has-text-color has-link-color wp-elements-3f849bd84ac8a9ecfb7e93c21003e367\">Tak \u2013 np. \u015bwie\u017ce urazy, stany zapalne, ci\u0105\u017ca wysokiego ryzyka czy powa\u017cne choroby.<\/p>\n<\/details>\n<\/div>\n<\/details>\n\n\n\n<details class=\"wp-block-details has-kenta-accent-color has-text-color has-link-color has-xx-large-font-size wp-elements-8529b83992da50e41041f660c9e4ce63 wp-container-content-69bc4bdf is-layout-flow wp-container-core-details-is-layout-0a386c5a wp-block-details-is-layout-flow\"><summary>AROMATERAPIA<\/summary>\n<div class=\"wp-block-group alignwide has-kenta-accent-color has-kenta-base-100-background-color has-text-color has-background has-link-color wp-elements-6e2448c6a9722b480ac33201edc51bae is-vertical is-content-justification-stretch is-layout-flex wp-container-core-group-is-layout-353c4f5a wp-block-group-is-layout-flex\">\n<details class=\"wp-block-details has-kenta-accent-color has-kenta-base-100-background-color has-text-color has-background has-link-color wp-elements-f66a439e3d017dd75c4e056cc2f14d88 is-layout-flow wp-container-core-details-is-layout-45fd2195 wp-block-details-is-layout-flow\" style=\"border-top-color:var(--wp--preset--color--kenta-primary-active);border-top-width:3px;border-right-style:none;border-right-width:0px;border-bottom-style:none;border-bottom-width:0px;border-left-style:none;border-left-width:0px;padding-top:var(--wp--preset--spacing--x-small);padding-right:var(--wp--preset--spacing--small);padding-bottom:var(--wp--preset--spacing--x-small);padding-left:var(--wp--preset--spacing--small)\"><summary><strong>Czym jest aromaterapia i jak dzia\u0142a?<\/strong><\/summary>\n<p class=\"has-kenta-accent-active-color has-text-color has-link-color wp-elements-b8f194703db23065a6684baade985446\">To metoda wykorzystuj\u0105ca naturalne olejki eteryczne, kt\u00f3re poprzez zapach i wch\u0142anianie wspieraj\u0105 relaks, popraw\u0119 nastroju i dobre samopoczucie.<\/p>\n<\/details>\n\n\n\n<details class=\"wp-block-details has-kenta-base-100-background-color has-background is-layout-flow wp-container-core-details-is-layout-45fd2195 wp-block-details-is-layout-flow\" style=\"border-top-color:var(--wp--preset--color--kenta-primary-active);border-top-width:3px;border-right-style:none;border-right-width:0px;border-bottom-style:none;border-bottom-width:0px;border-left-style:none;border-left-width:0px;padding-top:var(--wp--preset--spacing--x-small);padding-right:var(--wp--preset--spacing--small);padding-bottom:var(--wp--preset--spacing--x-small);padding-left:var(--wp--preset--spacing--small)\"><summary><strong>Czy mo\u017cna \u0142\u0105czy\u0107 aromaterapi\u0119 z innymi zabiegami wellness?<\/strong><\/summary>\n<p class=\"has-kenta-accent-active-color has-text-color has-link-color wp-elements-6d9425283cbbd489536de684e19aa5b9\">Tak \u2013 \u015bwietnie wsp\u00f3\u0142gra z masa\u017cem, medytacj\u0105 czy refleksologi\u0105, wzmacniaj\u0105c efekty.<\/p>\n<\/details>\n\n\n\n<details class=\"wp-block-details has-kenta-base-100-background-color has-background is-layout-flow wp-container-core-details-is-layout-45fd2195 wp-block-details-is-layout-flow\" style=\"border-top-color:var(--wp--preset--color--kenta-primary-active);border-top-width:3px;border-right-style:none;border-right-width:0px;border-bottom-style:none;border-bottom-width:0px;border-left-style:none;border-left-width:0px;padding-top:var(--wp--preset--spacing--x-small);padding-right:var(--wp--preset--spacing--small);padding-bottom:var(--wp--preset--spacing--x-small);padding-left:var(--wp--preset--spacing--small)\"><summary><strong>Czy aromaterapia w kosmetykach dzia\u0142a tylko piel\u0119gnacyjnie, czy te\u017c wp\u0142ywa na samopoczucie?<\/strong><\/summary>\n<p class=\"has-kenta-accent-active-color has-text-color has-link-color wp-elements-dd623cc729b5dccd616b8eb9f7559480\">Dzia\u0142a podw\u00f3jnie \u2013 piel\u0119gnuje sk\u00f3r\u0119 i dzi\u0119ki zapachom poprawia nastr\u00f3j.<\/p>\n<\/details>\n\n\n\n<details class=\"wp-block-details has-kenta-base-100-background-color has-background is-layout-flow wp-container-core-details-is-layout-45fd2195 wp-block-details-is-layout-flow\" style=\"border-top-color:var(--wp--preset--color--kenta-primary-active);border-top-width:3px;border-right-style:none;border-right-width:0px;border-bottom-style:none;border-bottom-width:0px;border-left-style:none;border-left-width:0px;padding-top:var(--wp--preset--spacing--x-small);padding-right:var(--wp--preset--spacing--small);padding-bottom:var(--wp--preset--spacing--x-small);padding-left:var(--wp--preset--spacing--small)\"><summary><strong>Czy masa\u017c z olejkami eterycznymi jest bezpieczny w ci\u0105\u017cy?<\/strong><\/summary>\n<p class=\"has-kenta-accent-active-color has-text-color has-link-color wp-elements-dc9fd9b0af7a6739f8c0cbfa3cdf0cd2\">Niekt\u00f3re olejki mog\u0105 by\u0107 niewskazane \u2013 zawsze warto skonsultowa\u0107 si\u0119 z terapeut\u0105 i lekarzem.<\/p>\n<\/details>\n\n\n\n<details class=\"wp-block-details has-kenta-base-100-background-color has-background is-layout-flow wp-container-core-details-is-layout-45fd2195 wp-block-details-is-layout-flow\" style=\"border-top-color:var(--wp--preset--color--kenta-primary-active);border-top-width:3px;border-right-style:none;border-right-width:0px;border-bottom-style:none;border-bottom-width:0px;border-left-style:none;border-left-width:0px;padding-top:var(--wp--preset--spacing--x-small);padding-right:var(--wp--preset--spacing--small);padding-bottom:var(--wp--preset--spacing--x-small);padding-left:var(--wp--preset--spacing--small)\"><summary><strong>Czy takie terapie mog\u0105 zast\u0105pi\u0107 tradycyjne leczenie?<\/strong><\/summary>\n<p class=\"has-kenta-accent-active-color has-text-color has-link-color wp-elements-a136a413e6c7319240d3de4f70aae42f\">Nie \u2013 s\u0105 wsparciem dla zdrowia i samopoczucia, ale nie zast\u0119puj\u0105 leczenia medycznego.<\/p>\n<\/details>\n<\/div>\n<\/details>\n\n\n\n<details class=\"wp-block-details has-kenta-accent-color has-text-color has-link-color has-xx-large-font-size wp-elements-28b98b8b977d632dd4427134d3a501cc wp-container-content-69bc4bdf is-layout-flow wp-container-core-details-is-layout-0a386c5a wp-block-details-is-layout-flow\"><summary>AROMATOUCH TECHNIQUE<\/summary>\n<div class=\"wp-block-group alignwide has-kenta-accent-color has-kenta-base-100-background-color has-text-color has-background has-link-color wp-elements-0e86a20d701813eac49091ddb9a658c4 is-vertical is-content-justification-stretch is-layout-flex wp-container-core-group-is-layout-353c4f5a wp-block-group-is-layout-flex\">\n<details class=\"wp-block-details has-kenta-base-100-background-color has-background is-layout-flow wp-container-core-details-is-layout-45fd2195 wp-block-details-is-layout-flow\" style=\"border-top-color:var(--wp--preset--color--kenta-primary-active);border-top-width:3px;border-right-style:none;border-right-width:0px;border-bottom-style:none;border-bottom-width:0px;border-left-style:none;border-left-width:0px;padding-top:var(--wp--preset--spacing--x-small);padding-right:var(--wp--preset--spacing--small);padding-bottom:var(--wp--preset--spacing--x-small);padding-left:var(--wp--preset--spacing--small)\"><summary><strong>Czym jest AromaTouch Technique?<\/strong><\/summary>\n<p class=\"has-kenta-accent-active-color has-text-color has-link-color wp-elements-5a8def5ea99de7dfe34728b2e3fb400e\">To delikatna technika masa\u017cu, w kt\u00f3rej na plecy i stopy nak\u0142ada si\u0119 <strong>czyste olejki eteryczne doTERRA<\/strong>, wspieraj\u0105ce cia\u0142o, emocje i uk\u0142ad nerwowy.<\/p>\n<\/details>\n\n\n\n<details class=\"wp-block-details has-kenta-base-100-background-color has-background is-layout-flow wp-container-core-details-is-layout-45fd2195 wp-block-details-is-layout-flow\" style=\"border-top-color:var(--wp--preset--color--kenta-primary-active);border-top-width:3px;border-right-style:none;border-right-width:0px;border-bottom-style:none;border-bottom-width:0px;border-left-style:none;border-left-width:0px;padding-top:var(--wp--preset--spacing--x-small);padding-right:var(--wp--preset--spacing--small);padding-bottom:var(--wp--preset--spacing--x-small);padding-left:var(--wp--preset--spacing--small)\"><summary><strong>Jakie s\u0105 efekty zabiegu?<\/strong><\/summary>\n<p class=\"has-kenta-accent-active-color has-text-color has-link-color wp-elements-ebb0c6b32e2e5dcc1330b3d163466dc7\">AromaTouch pomaga <strong>zredukowa\u0107 stres, wzmocni\u0107 odporno\u015b\u0107, zr\u00f3wnowa\u017cy\u0107 emocje i poprawi\u0107 samopoczucie<\/strong>. Po sesji wi\u0119kszo\u015b\u0107 os\u00f3b czuje g\u0142\u0119boki spok\u00f3j i odpr\u0119\u017cenie.<\/p>\n<\/details>\n\n\n\n<details class=\"wp-block-details has-kenta-base-100-background-color has-background is-layout-flow wp-container-core-details-is-layout-45fd2195 wp-block-details-is-layout-flow\" style=\"border-top-color:var(--wp--preset--color--kenta-primary-active);border-top-width:3px;border-right-style:none;border-right-width:0px;border-bottom-style:none;border-bottom-width:0px;border-left-style:none;border-left-width:0px;padding-top:var(--wp--preset--spacing--x-small);padding-right:var(--wp--preset--spacing--small);padding-bottom:var(--wp--preset--spacing--x-small);padding-left:var(--wp--preset--spacing--small)\"><summary><strong>Czy masa\u017c AromaTouch to masa\u017c klasyczny?<\/strong><\/summary>\n<p class=\"has-kenta-accent-active-color has-text-color has-link-color wp-elements-4b213f4e83f0e58fd53e0e74ad59ad30\">Nie. To <strong>terapeutyczny rytua\u0142 dotyku i zapachu<\/strong>, w kt\u00f3rym delikatne ruchy i odpowiednio dobrane olejki wspieraj\u0105 r\u00f3wnowag\u0119 cia\u0142a i umys\u0142u.<\/p>\n<\/details>\n\n\n\n<details class=\"wp-block-details has-kenta-base-100-background-color has-background is-layout-flow wp-container-core-details-is-layout-45fd2195 wp-block-details-is-layout-flow\" style=\"border-top-color:var(--wp--preset--color--kenta-primary-active);border-top-width:3px;border-right-style:none;border-right-width:0px;border-bottom-style:none;border-bottom-width:0px;border-left-style:none;border-left-width:0px;padding-top:var(--wp--preset--spacing--x-small);padding-right:var(--wp--preset--spacing--small);padding-bottom:var(--wp--preset--spacing--x-small);padding-left:var(--wp--preset--spacing--small)\"><summary><strong>Jak d\u0142ugo trwa sesja?<\/strong><\/summary>\n<p class=\"has-kenta-accent-active-color has-text-color has-link-color wp-elements-13f2a75dee65c1d54e136f8932bed781\">Zazwyczaj oko\u0142o <strong>45\u201360 minut<\/strong>, w zale\u017cno\u015bci od potrzeb i indywidualnego tempa pracy z cia\u0142em.<\/p>\n<\/details>\n\n\n\n<details class=\"wp-block-details has-kenta-base-100-background-color has-background is-layout-flow wp-container-core-details-is-layout-45fd2195 wp-block-details-is-layout-flow\" style=\"border-top-color:var(--wp--preset--color--kenta-primary-active);border-top-width:3px;border-right-style:none;border-right-width:0px;border-bottom-style:none;border-bottom-width:0px;border-left-style:none;border-left-width:0px;padding-top:var(--wp--preset--spacing--x-small);padding-right:var(--wp--preset--spacing--small);padding-bottom:var(--wp--preset--spacing--x-small);padding-left:var(--wp--preset--spacing--small)\"><summary><strong>Czy ka\u017cdy mo\u017ce skorzysta\u0107 z AromaTouch?<\/strong><\/summary>\n<p class=\"has-kenta-accent-active-color has-text-color has-link-color wp-elements-42bb4cd7bffc624ed11cde07f59869d7\">Tak.Technika ta jest \u0142agodna i bezpieczna. Przed sesj\u0105 omawiane s\u0105 ewentualne przeciwwskazania (np. uczulenia lub ci\u0105\u017ca).<br><\/p>\n<\/details>\n\n\n\n<details class=\"wp-block-details has-kenta-base-100-background-color has-background is-layout-flow wp-container-core-details-is-layout-45fd2195 wp-block-details-is-layout-flow\" style=\"border-top-color:var(--wp--preset--color--kenta-primary-active);border-top-width:3px;border-right-style:none;border-right-width:0px;border-bottom-style:none;border-bottom-width:0px;border-left-style:none;border-left-width:0px;padding-top:var(--wp--preset--spacing--x-small);padding-right:var(--wp--preset--spacing--small);padding-bottom:var(--wp--preset--spacing--x-small);padding-left:var(--wp--preset--spacing--small)\"><summary><strong>Dla kogo jest ten zabieg?<\/strong><\/summary>\n<p class=\"has-kenta-accent-active-color has-text-color has-link-color wp-elements-fcd239cf386e61c233e8fd977dd82ca8\">Dla ka\u017cdego, kto pragnie spokoju, harmonii i chwili tylko dla siebie.<br><\/p>\n<\/details>\n<\/div>\n<\/details>\n\n\n\n<details class=\"wp-block-details has-kenta-accent-color has-text-color has-link-color has-xx-large-font-size wp-elements-d926e6bcfb11b862cfd42390bbe64c2b wp-container-content-69bc4bdf is-layout-flow wp-container-core-details-is-layout-0a386c5a wp-block-details-is-layout-flow\"><summary>KINEZJOLOGIA<\/summary>\n<div class=\"wp-block-group alignwide has-kenta-accent-color has-kenta-base-100-background-color has-text-color has-background has-link-color wp-elements-d702a4160ef1cf645b5fe35a893c7292 is-vertical is-content-justification-stretch is-layout-flex wp-container-core-group-is-layout-353c4f5a wp-block-group-is-layout-flex\">\n<details class=\"wp-block-details has-kenta-base-100-background-color has-background is-layout-flow wp-container-core-details-is-layout-45fd2195 wp-block-details-is-layout-flow\" style=\"border-top-color:var(--wp--preset--color--kenta-primary-active);border-top-width:3px;border-right-style:none;border-right-width:0px;border-bottom-style:none;border-bottom-width:0px;border-left-style:none;border-left-width:0px;padding-top:var(--wp--preset--spacing--x-small);padding-right:var(--wp--preset--spacing--small);padding-bottom:var(--wp--preset--spacing--x-small);padding-left:var(--wp--preset--spacing--small)\"><summary><strong><strong>Czym jest kinezjologia?<\/strong><\/strong><\/summary>\n<p class=\"has-kenta-accent-active-color has-text-color has-link-color wp-elements-41d4dda604cedaa6a873cb553c7c8ddc\">Kinezjologia to metoda pracy z cia\u0142em i emocjami, kt\u00f3ra poprzez test mi\u0119\u015bniowy pomaga odkry\u0107 \u017ar\u00f3d\u0142a stresu, napi\u0119\u0107 i blokad energetycznych w organizmie.<\/p>\n<\/details>\n\n\n\n<details class=\"wp-block-details has-kenta-base-100-background-color has-background is-layout-flow wp-container-core-details-is-layout-45fd2195 wp-block-details-is-layout-flow\" style=\"border-top-color:var(--wp--preset--color--kenta-primary-active);border-top-width:3px;border-right-style:none;border-right-width:0px;border-bottom-style:none;border-bottom-width:0px;border-left-style:none;border-left-width:0px;padding-top:var(--wp--preset--spacing--x-small);padding-right:var(--wp--preset--spacing--small);padding-bottom:var(--wp--preset--spacing--x-small);padding-left:var(--wp--preset--spacing--small)\"><summary><strong>Jak przebiega sesja kinezjologiczna?<\/strong><\/summary>\n<p class=\"has-kenta-accent-active-color has-text-color has-link-color wp-elements-e10380fb2423590a3f4be4a2e3049697\">Podczas spotkania u\u017cywa si\u0119 <strong>testu mi\u0119\u015bniowego<\/strong>, kt\u00f3ry pokazuje, gdzie cia\u0142o do\u015bwiadcza stresu lub braku r\u00f3wnowagi. Terapeuta pomaga przywr\u00f3ci\u0107 harmoni\u0119 poprzez delikatne techniki, oddech, afirmacje lub punkty r\u00f3wnowa\u017c\u0105ce.<\/p>\n<\/details>\n\n\n\n<details class=\"wp-block-details has-kenta-base-100-background-color has-background is-layout-flow wp-container-core-details-is-layout-45fd2195 wp-block-details-is-layout-flow\" style=\"border-top-color:var(--wp--preset--color--kenta-primary-active);border-top-width:3px;border-right-style:none;border-right-width:0px;border-bottom-style:none;border-bottom-width:0px;border-left-style:none;border-left-width:0px;padding-top:var(--wp--preset--spacing--x-small);padding-right:var(--wp--preset--spacing--small);padding-bottom:var(--wp--preset--spacing--x-small);padding-left:var(--wp--preset--spacing--small)\"><summary><strong><strong>Czy kinezjologia jest form\u0105 terapii medycznej?<\/strong><\/strong><\/summary>\n<p class=\"has-kenta-accent-active-color has-text-color has-link-color wp-elements-c10e375403d1dec1451674d5662b89a7\">Nie, kinezjologia nie zast\u0119puje leczenia medycznego. Jest <strong>komplementarn\u0105 metod\u0105<\/strong>, wspieraj\u0105c\u0105 cia\u0142o i umys\u0142 w procesie regeneracji i r\u00f3wnowagi.<\/p>\n<\/details>\n\n\n\n<details class=\"wp-block-details has-kenta-base-100-background-color has-background is-layout-flow wp-container-core-details-is-layout-45fd2195 wp-block-details-is-layout-flow\" style=\"border-top-color:var(--wp--preset--color--kenta-primary-active);border-top-width:3px;border-right-style:none;border-right-width:0px;border-bottom-style:none;border-bottom-width:0px;border-left-style:none;border-left-width:0px;padding-top:var(--wp--preset--spacing--x-small);padding-right:var(--wp--preset--spacing--small);padding-bottom:var(--wp--preset--spacing--x-small);padding-left:var(--wp--preset--spacing--small)\"><summary><strong>Jakie efekty mo\u017cna odczu\u0107 po sesji?<\/strong><\/summary>\n<p class=\"has-kenta-accent-active-color has-text-color has-link-color wp-elements-4e661d08c83d6a8724e29fc08d9c987d\">Wi\u0119kszo\u015b\u0107 os\u00f3b czuje <strong>spok\u00f3j, lekko\u015b\u0107 i wi\u0119ksz\u0105 jasno\u015b\u0107 umys\u0142u<\/strong>. Cz\u0119sto pojawia si\u0119 te\u017c poprawa koncentracji, nastroju oraz jako\u015bci snu.<\/p>\n<\/details>\n\n\n\n<details class=\"wp-block-details has-kenta-base-100-background-color has-background is-layout-flow wp-container-core-details-is-layout-45fd2195 wp-block-details-is-layout-flow\" style=\"border-top-color:var(--wp--preset--color--kenta-primary-active);border-top-width:3px;border-right-style:none;border-right-width:0px;border-bottom-style:none;border-bottom-width:0px;border-left-style:none;border-left-width:0px;padding-top:var(--wp--preset--spacing--x-small);padding-right:var(--wp--preset--spacing--small);padding-bottom:var(--wp--preset--spacing--x-small);padding-left:var(--wp--preset--spacing--small)\"><summary><strong><strong>Ile sesji jest potrzebnych?<\/strong><\/strong><\/summary>\n<p class=\"has-kenta-accent-active-color has-text-color has-link-color wp-elements-099504cab3cb0020f851999dc059c1cd\">To zale\u017cy od indywidualnych potrzeb. Czasem wystarczy jedno spotkanie, aby poczu\u0107 zmian\u0119, a czasem proces r\u00f3wnowa\u017cenia wymaga kilku sesji.<\/p>\n<\/details>\n\n\n\n<details class=\"wp-block-details has-kenta-base-100-background-color has-background is-layout-flow wp-container-core-details-is-layout-45fd2195 wp-block-details-is-layout-flow\" style=\"border-top-color:var(--wp--preset--color--kenta-primary-active);border-top-width:3px;border-right-style:none;border-right-width:0px;border-bottom-style:none;border-bottom-width:0px;border-left-style:none;border-left-width:0px;padding-top:var(--wp--preset--spacing--x-small);padding-right:var(--wp--preset--spacing--small);padding-bottom:var(--wp--preset--spacing--x-small);padding-left:var(--wp--preset--spacing--small)\"><summary><strong>Czy trzeba si\u0119 przygotowa\u0107 do sesji?<\/strong><\/summary>\n<p class=\"has-kenta-accent-active-color has-text-color has-link-color wp-elements-3084003650ccddba6b3a077cac08c141\">Nie, wystarczy otwarto\u015b\u0107 i ch\u0119\u0107 przyjrzenia si\u0119 sobie. Warto ubra\u0107 si\u0119 wygodnie i przyj\u015b\u0107 z intencj\u0105, nad czym chcesz pracowa\u0107.<\/p>\n<\/details>\n<\/div>\n<\/details>\n\n\n\n<details class=\"wp-block-details has-kenta-accent-color has-text-color has-link-color has-xx-large-font-size wp-elements-cfbe935977c1b34f27769b346e260ddb wp-container-content-69bc4bdf is-layout-flow wp-container-core-details-is-layout-0a386c5a wp-block-details-is-layout-flow\"><summary>MISY TYBETA\u0143SKIE I KAMERTONY<\/summary>\n<div class=\"wp-block-group alignwide has-kenta-accent-color has-kenta-base-100-background-color has-text-color has-background has-link-color wp-elements-d65561c16a04338a300482279d4eb86b is-vertical is-content-justification-stretch is-layout-flex wp-container-core-group-is-layout-353c4f5a wp-block-group-is-layout-flex\">\n<details class=\"wp-block-details has-kenta-base-100-background-color has-background is-layout-flow wp-container-core-details-is-layout-45fd2195 wp-block-details-is-layout-flow\" style=\"border-top-color:var(--wp--preset--color--kenta-primary-active);border-top-width:3px;border-right-style:none;border-right-width:0px;border-bottom-style:none;border-bottom-width:0px;border-left-style:none;border-left-width:0px;padding-top:var(--wp--preset--spacing--x-small);padding-right:var(--wp--preset--spacing--small);padding-bottom:var(--wp--preset--spacing--x-small);padding-left:var(--wp--preset--spacing--small)\"><summary><strong>Czym jest terapia d\u017awi\u0119kiem mis i kamerton\u00f3w?<\/strong><\/summary>\n<p class=\"has-kenta-accent-active-color has-text-color has-link-color wp-elements-654bb3c6825584f8e5933dd594c3b4c9\">To metoda relaksacyjna i energetyczna, w kt\u00f3rej wibracje d\u017awi\u0119ku wprowadzaj\u0105 cia\u0142o, umys\u0142 i emocje w stan g\u0142\u0119bokiej harmonii i odpr\u0119\u017cenia.<\/p>\n<\/details>\n\n\n\n<details class=\"wp-block-details has-kenta-base-100-background-color has-background is-layout-flow wp-container-core-details-is-layout-45fd2195 wp-block-details-is-layout-flow\" style=\"border-top-color:var(--wp--preset--color--kenta-primary-active);border-top-width:3px;border-right-style:none;border-right-width:0px;border-bottom-style:none;border-bottom-width:0px;border-left-style:none;border-left-width:0px;padding-top:var(--wp--preset--spacing--x-small);padding-right:var(--wp--preset--spacing--small);padding-bottom:var(--wp--preset--spacing--x-small);padding-left:var(--wp--preset--spacing--small)\"><summary><strong>Jak dzia\u0142aj\u0105 misy i kamertony na cia\u0142o?<\/strong><\/summary>\n<p class=\"has-kenta-accent-active-color has-text-color has-link-color wp-elements-80ff2c288edc3338e584321e64446378\">D\u017awi\u0119k i wibracja przenikaj\u0105 przez kom\u00f3rki cia\u0142a, wspomagaj\u0105c regeneracj\u0119, uwalnianie napi\u0119\u0107 i przywracanie naturalnego rytmu energii w organizmie.<\/p>\n<\/details>\n\n\n\n<details class=\"wp-block-details has-kenta-base-100-background-color has-background is-layout-flow wp-container-core-details-is-layout-45fd2195 wp-block-details-is-layout-flow\" style=\"border-top-color:var(--wp--preset--color--kenta-primary-active);border-top-width:3px;border-right-style:none;border-right-width:0px;border-bottom-style:none;border-bottom-width:0px;border-left-style:none;border-left-width:0px;padding-top:var(--wp--preset--spacing--x-small);padding-right:var(--wp--preset--spacing--small);padding-bottom:var(--wp--preset--spacing--x-small);padding-left:var(--wp--preset--spacing--small)\"><summary><strong>Co mo\u017cna odczu\u0107 podczas sesji?<\/strong><\/summary>\n<p class=\"has-kenta-accent-active-color has-text-color has-link-color wp-elements-9aafdf0b438a0cb0ce98976458f35b39\">Wi\u0119kszo\u015b\u0107 os\u00f3b do\u015bwiadcza <strong>spokoju, lekko\u015bci, ciep\u0142a lub delikatnych drga\u0144 w ciele<\/strong>. Umys\u0142 si\u0119 wycisza, a cia\u0142o rozlu\u017ania.<\/p>\n<\/details>\n\n\n\n<details class=\"wp-block-details has-kenta-base-100-background-color has-background is-layout-flow wp-container-core-details-is-layout-45fd2195 wp-block-details-is-layout-flow\" style=\"border-top-color:var(--wp--preset--color--kenta-primary-active);border-top-width:3px;border-right-style:none;border-right-width:0px;border-bottom-style:none;border-bottom-width:0px;border-left-style:none;border-left-width:0px;padding-top:var(--wp--preset--spacing--x-small);padding-right:var(--wp--preset--spacing--small);padding-bottom:var(--wp--preset--spacing--x-small);padding-left:var(--wp--preset--spacing--small)\"><summary><strong>Czy terapia d\u017awi\u0119kiem jest bezpieczna?<\/strong><\/summary>\n<p class=\"has-kenta-accent-active-color has-text-color has-link-color wp-elements-34a0f407a80d5732be7c0228d2cf1117\">Tak&nbsp; to delikatna i naturalna metoda, odpowiednia dla wi\u0119kszo\u015bci os\u00f3b. Nie zaleca si\u0119 jej jedynie w przypadku rozrusznika serca lub w pierwszym trymestrze ci\u0105\u017cy.<\/p>\n<\/details>\n\n\n\n<details class=\"wp-block-details has-kenta-base-100-background-color has-background is-layout-flow wp-container-core-details-is-layout-45fd2195 wp-block-details-is-layout-flow\" style=\"border-top-color:var(--wp--preset--color--kenta-primary-active);border-top-width:3px;border-right-style:none;border-right-width:0px;border-bottom-style:none;border-bottom-width:0px;border-left-style:none;border-left-width:0px;padding-top:var(--wp--preset--spacing--x-small);padding-right:var(--wp--preset--spacing--small);padding-bottom:var(--wp--preset--spacing--x-small);padding-left:var(--wp--preset--spacing--small)\"><summary><strong>Jakie efekty przynosi regularna praca z d\u017awi\u0119kiem?<\/strong><\/summary>\n<p class=\"has-kenta-accent-active-color has-text-color has-link-color wp-elements-caa7c9df196dacd71a8424fe7480541f\">Poprawia samopoczucie, wspiera sen, redukuje stres i napi\u0119cie emocjonalne, a tak\u017ce pomaga odzyska\u0107 r\u00f3wnowag\u0119 energetyczn\u0105 i wewn\u0119trzny spok\u00f3j.<br><\/p>\n<\/details>\n<\/div>\n<\/details>\n\n\n\n<div style=\"height:32px\" aria-hidden=\"true\" class=\"wp-block-spacer\"><\/div>\n<\/div><\/div>\n","protected":false},"excerpt":{"rendered":"","protected":false},"author":3,"featured_media":0,"parent":0,"menu_order":0,"comment_status":"closed","ping_status":"closed","template":"","meta":{"site-container-style":"default","site-container-layout":"default","site-sidebar-layout":"default","site-transparent-header":"default","disable-article-header":"default","disable-site-header":"default","disable-site-footer":"default","disable-content-area-spacing":"default","footnotes":""},"class_list":["post-279","page","type-page","status-publish","hentry"],"_links":{"self":[{"href":"https:\/\/harmoniewerk.eu\/index.php?rest_route=\/wp\/v2\/pages\/279","targetHints":{"allow":["GET"]}}],"collection":[{"href":"https:\/\/harmoniewerk.eu\/index.php?rest_route=\/wp\/v2\/pages"}],"about":[{"href":"https:\/\/harmoniewerk.eu\/index.php?rest_route=\/wp\/v2\/types\/page"}],"author":[{"embeddable":true,"href":"https:\/\/harmoniewerk.eu\/index.php?rest_route=\/wp\/v2\/users\/3"}],"replies":[{"embeddable":true,"href":"https:\/\/harmoniewerk.eu\/index.php?rest_route=%2Fwp%2Fv2%2Fcomments&post=279"}],"version-history":[{"count":52,"href":"https:\/\/harmoniewerk.eu\/index.php?rest_route=\/wp\/v2\/pages\/279\/revisions"}],"predecessor-version":[{"id":589,"href":"https:\/\/harmoniewerk.eu\/index.php?rest_route=\/wp\/v2\/pages\/279\/revisions\/589"}],"wp:attachment":[{"href":"https:\/\/harmoniewerk.eu\/index.php?rest_route=%2Fwp%2Fv2%2Fmedia&parent=279"}],"curies":[{"name":"wp","href":"https:\/\/api.w.org\/{rel}","templated":true}]}}